{"id":58,"date":"2020-10-06T12:00:36","date_gmt":"2020-10-06T10:00:36","guid":{"rendered":"https:\/\/cyrknop.fr\/?page_id=58"},"modified":"2020-10-08T22:46:21","modified_gmt":"2020-10-08T20:46:21","slug":"archive-2017","status":"publish","type":"page","link":"https:\/\/cyrknop.fr\/index.php\/festival\/archive-2017\/","title":{"rendered":"archive 2017"},"content":{"rendered":"<p>[vc_row][vc_column width=\u00a0\u00bb1\/3&Prime;][vc_custom_heading text=\u00a0\u00bbsamedi<br \/>\n22 avril d\u00e8s 18 h\u00a0\u00bb font_container=\u00a0\u00bbtag:h2|text_align:center\u00a0\u00bb css=\u00a0\u00bb.vc_custom_1602154998061{background-color: #f7b90e !important;}\u00a0\u00bb]<div class=\"ult-new-ib ult-ib-effect-style1  ult-ib-resp  \" data-min-width=\"768\" data-max-width=\"900\" style=\"background:#dd9933;\" data-opacity=\"1\" data-hover-opacity=\"0.1\" ><img class=\"ult-new-ib-img\" style=\"opacity:1;\" alt=\"null\" src=\"https:\/\/cyrknop.fr\/wp-content\/uploads\/2020\/10\/Astrakhan_web.jpg\"   \/><div id=\"interactive-banner-wrap-2829\" class=\"ult-new-ib-desc\" style=\"\"><h2 class=\"ult-new-ib-title ult-responsive\"  data-ultimate-target='#interactive-banner-wrap-2829 .ult-new-ib-title'  data-responsive-json-new='{\"font-size\":\"\",\"line-height\":\"\"}'  style=\"font-weight:normal;\">Bal Folk<\/h2><div class=\"ult-new-ib-content ult-responsive\"  data-ultimate-target='#interactive-banner-wrap-2829 .ult-new-ib-content'  data-responsive-json-new='{\"font-size\":\"\",\"line-height\":\"\"}'  style=\"font-weight:normal;\"><p>Cie Balagan : Bal N\u00e9o Trad.<br \/>\nOrient- Occident: accord\u00e9on, contrebasse, violon, percussions, guitare<\/p><\/div><\/div><a class=\"ult-new-ib-link\" href=\"#22-04\"  ><\/a><\/div><script type=\"text\/javascript\">\r\n\t\t\t(function($){\r\n\t\t\t\t$(document).ready(function(){\r\n\t\t\t\t\t$(\".ult-new-ib\").css(\"opacity\",\"1\");\r\n\t\t\t\t});\r\n\t\t\t})(jQuery);\r\n\t\t\t<\/script><div class=\" ubtn-ctn-left \"><a class=\"ubtn-link ult-adjust-bottom-margin ubtn-left ubtn-normal \" href=\"https:\/\/www.helloasso.com\/associations\/cyrk-nop\/evenements\/pilles-sous-les-etoiles\" ><button type=\"button\" id=\"ubtn-1917\"  class=\"ubtn ult-adjust-bottom-margin ult-responsive ubtn-normal ubtn-no-hover-bg  none  ubtn-left   tooltip-69f2cfbdd581f\"  data-hover=\"#ffffff\" data-border-color=\"#1e73be\" data-bg=\"#ffffff\" data-hover-bg=\"#1e73be\" data-border-hover=\"\" data-shadow-hover=\"\" data-shadow-click=\"none\" data-shadow=\"\" data-shd-shadow=\"\"  data-ultimate-target='#ubtn-1917'  data-responsive-json-new='{\"font-size\":\"\",\"line-height\":\"\"}'  style=\"font-weight:normal;border-radius:30px;border-width:1px;border-color:#1e73be;border-style:solid;background: #ffffff;color: #9b9b9b;\"><span class=\"ubtn-hover\" style=\"background-color:#1e73be\"><\/span><span class=\"ubtn-data ubtn-text \" >Achat billet en ligne<\/span><\/button><\/a><\/div>[\/vc_column][vc_column width=\u00a0\u00bb1\/3&Prime;][vc_custom_heading text=\u00a0\u00bbjeudi<br \/>\n27 avril \u00e0 20h30&Prime; font_container=\u00a0\u00bbtag:h2|text_align:center\u00a0\u00bb css=\u00a0\u00bb.vc_custom_1602155018712{background-color: #f7b90e !important;}\u00a0\u00bb]<div class=\"ult-new-ib ult-ib-effect-style1  ult-ib-resp  \" data-min-width=\"768\" data-max-width=\"900\" style=\"background:#dd9933;\" data-opacity=\"1\" data-hover-opacity=\"0.1\" ><img class=\"ult-new-ib-img\" style=\"opacity:1;\" alt=\"null\" src=\"https:\/\/cyrknop.fr\/wp-content\/uploads\/2020\/10\/cabaret_2017b.jpg\"   \/><div id=\"interactive-banner-wrap-2449\" class=\"ult-new-ib-desc\" style=\"\"><h2 class=\"ult-new-ib-title ult-responsive\"  data-ultimate-target='#interactive-banner-wrap-2449 .ult-new-ib-title'  data-responsive-json-new='{\"font-size\":\"\",\"line-height\":\"\"}'  style=\"font-weight:normal;\">Cabaret Ephemere<\/h2><div class=\"ult-new-ib-content ult-responsive\"  data-ultimate-target='#interactive-banner-wrap-2449 .ult-new-ib-content'  data-responsive-json-new='{\"font-size\":\"\",\"line-height\":\"\"}'  style=\"font-weight:normal;\"><p>\u00e0 partir de 19 h 30: animations, impromptues et autres surprises<\/p>\n<p>Cr\u00e9ations issues de rencontres spontan\u00e9es entre artistes de diff\u00e9rentes disciplines : acrobates, musiciens, danseurs, plasticiens et autres saltimbanque. Comme en 2015, une magnifique soir\u00e9e en perspective !<\/p><\/div><\/div><\/div><script type=\"text\/javascript\">\r\n\t\t\t(function($){\r\n\t\t\t\t$(document).ready(function(){\r\n\t\t\t\t\t$(\".ult-new-ib\").css(\"opacity\",\"1\");\r\n\t\t\t\t});\r\n\t\t\t})(jQuery);\r\n\t\t\t<\/script><div class=\" ubtn-ctn-left \"><a class=\"ubtn-link ult-adjust-bottom-margin ubtn-left ubtn-normal \" href=\"https:\/\/www.helloasso.com\/associations\/cyrk-nop\/evenements\/pilles-sous-les-etoiles\" ><button type=\"button\" id=\"ubtn-8729\"  class=\"ubtn ult-adjust-bottom-margin ult-responsive ubtn-normal ubtn-no-hover-bg  none  ubtn-left   tooltip-69f2cfbdd5a3b\"  data-hover=\"#ffffff\" data-border-color=\"#1e73be\" data-bg=\"#ffffff\" data-hover-bg=\"#1e73be\" data-border-hover=\"\" data-shadow-hover=\"\" data-shadow-click=\"none\" data-shadow=\"\" data-shd-shadow=\"\"  data-ultimate-target='#ubtn-8729'  data-responsive-json-new='{\"font-size\":\"\",\"line-height\":\"\"}'  style=\"font-weight:normal;border-radius:30px;border-width:1px;border-color:#1e73be;border-style:solid;background: #ffffff;color: #9b9b9b;\"><span class=\"ubtn-hover\" style=\"background-color:#1e73be\"><\/span><span class=\"ubtn-data ubtn-text \" >Achat billet en ligne<\/span><\/button><\/a><\/div>[\/vc_column][vc_column width=\u00a0\u00bb1\/3&Prime;][vc_custom_heading text=\u00a0\u00bbvendredi<br \/>\n28 avril \u00e0 20h30&Prime; font_container=\u00a0\u00bbtag:h2|text_align:center\u00a0\u00bb css=\u00a0\u00bb.vc_custom_1602155025702{background-color: #f7b90e !important;}\u00a0\u00bb]<div class=\"ult-new-ib ult-ib-effect-style1  ult-ib-resp  \" data-min-width=\"768\" data-max-width=\"900\" style=\"background:#dd9933;\" data-opacity=\"1\" data-hover-opacity=\"0.1\" ><img class=\"ult-new-ib-img\" style=\"opacity:1;\" alt=\"null\" src=\"https:\/\/cyrknop.fr\/wp-content\/uploads\/2020\/10\/programme2017_bankal.jpg\"   \/><div id=\"interactive-banner-wrap-3196\" class=\"ult-new-ib-desc\" style=\"\"><h2 class=\"ult-new-ib-title ult-responsive\"  data-ultimate-target='#interactive-banner-wrap-3196 .ult-new-ib-title'  data-responsive-json-new='{\"font-size\":\"\",\"line-height\":\"\"}'  style=\"font-weight:normal;\">Etincelle &amp; Pu\u00e9ril p\u00e9ril<\/h2><div class=\"ult-new-ib-content ult-responsive\"  data-ultimate-target='#interactive-banner-wrap-3196 .ult-new-ib-content'  data-responsive-json-new='{\"font-size\":\"\",\"line-height\":\"\"}'  style=\"font-weight:normal;\"><p>1\u00e8re partie : Cie Etincelle : Invention et envol.<br \/>\nDeux inventeurs et leur v\u00e9locip\u00e8de improbable d\u00e9ploient leurs tentatives de vol : petits succ\u00e8s et grands d\u00e9boires, enthousiasme in\u00e9puisable et id\u00e9es tarabiscot\u00e9es !<\/p>\n<p>2\u00e8me partie : la Cie Pu\u00e9ril P\u00e9ril et son spectacle Bankal :<br \/>\nDuo sur tabourets et main-\u00e0-main sur monocycle !<\/p><\/div><\/div><\/div><script type=\"text\/javascript\">\r\n\t\t\t(function($){\r\n\t\t\t\t$(document).ready(function(){\r\n\t\t\t\t\t$(\".ult-new-ib\").css(\"opacity\",\"1\");\r\n\t\t\t\t});\r\n\t\t\t})(jQuery);\r\n\t\t\t<\/script><div class=\" ubtn-ctn-left \"><a class=\"ubtn-link ult-adjust-bottom-margin ubtn-left ubtn-normal \" href=\"https:\/\/www.helloasso.com\/associations\/cyrk-nop\/evenements\/pilles-sous-les-etoiles\" ><button type=\"button\" id=\"ubtn-5544\"  class=\"ubtn ult-adjust-bottom-margin ult-responsive ubtn-normal ubtn-no-hover-bg  none  ubtn-left   tooltip-69f2cfbdd5c07\"  data-hover=\"#ffffff\" data-border-color=\"#1e73be\" data-bg=\"#ffffff\" data-hover-bg=\"#1e73be\" data-border-hover=\"\" data-shadow-hover=\"\" data-shadow-click=\"none\" data-shadow=\"\" data-shd-shadow=\"\"  data-ultimate-target='#ubtn-5544'  data-responsive-json-new='{\"font-size\":\"\",\"line-height\":\"\"}'  style=\"font-weight:normal;border-radius:30px;border-width:1px;border-color:#1e73be;border-style:solid;background: #ffffff;color: #9b9b9b;\"><span class=\"ubtn-hover\" style=\"background-color:#1e73be\"><\/span><span class=\"ubtn-data ubtn-text \" >Achat billet en ligne<\/span><\/button><\/a><\/div>[\/vc_column][\/vc_row][vc_row][vc_column width=\u00a0\u00bb1\/3&Prime;][vc_custom_heading text=\u00a0\u00bbsamedi<br \/>\n29 avril \u00e0 partir de 14 h\u00a0\u00bb font_container=\u00a0\u00bbtag:h2|text_align:center\u00a0\u00bb css=\u00a0\u00bb.vc_custom_1602155034130{background-color: #f7b90e !important;}\u00a0\u00bb]<div class=\"ult-new-ib ult-ib-effect-style1  ult-ib-resp  \" data-min-width=\"768\" data-max-width=\"900\" style=\"background:#dd9933;\" data-opacity=\"1\" data-hover-opacity=\"0.1\" ><img class=\"ult-new-ib-img\" style=\"opacity:1;\" alt=\"null\" src=\"https:\/\/cyrknop.fr\/wp-content\/uploads\/2020\/10\/programme2017_les-ptit-bras-2.jpg\"   \/><div id=\"interactive-banner-wrap-6892\" class=\"ult-new-ib-desc\" style=\"\"><h2 class=\"ult-new-ib-title ult-responsive\"  data-ultimate-target='#interactive-banner-wrap-6892 .ult-new-ib-title'  data-responsive-json-new='{\"font-size\":\"\",\"line-height\":\"\"}'  style=\"font-weight:normal;\">Apr\u00e8s midi circassienne<\/h2><div class=\"ult-new-ib-content ult-responsive\"  data-ultimate-target='#interactive-banner-wrap-6892 .ult-new-ib-content'  data-responsive-json-new='{\"font-size\":\"\",\"line-height\":\"\"}'  style=\"font-weight:normal;\"><p>atelier cirque et autres animations.<br \/>\n17h Cie Les P'tits Bras: ``L'odeur de la sciure``<br \/>\ncirque a\u00e9rien, virtuose et d\u00e9sinvolte, o\u00f9 trap\u00e9zistes et \u00e9quilibristes feront chavirer vos c\u0153urs !<\/p><\/div><\/div><\/div><script type=\"text\/javascript\">\r\n\t\t\t(function($){\r\n\t\t\t\t$(document).ready(function(){\r\n\t\t\t\t\t$(\".ult-new-ib\").css(\"opacity\",\"1\");\r\n\t\t\t\t});\r\n\t\t\t})(jQuery);\r\n\t\t\t<\/script><div class=\" ubtn-ctn-left \"><a class=\"ubtn-link ult-adjust-bottom-margin ubtn-left ubtn-normal \" href=\"https:\/\/www.helloasso.com\/associations\/cyrk-nop\/evenements\/pilles-sous-les-etoiles\" ><button type=\"button\" id=\"ubtn-4030\"  class=\"ubtn ult-adjust-bottom-margin ult-responsive ubtn-normal ubtn-no-hover-bg  none  ubtn-left   tooltip-69f2cfbdd5da7\"  data-hover=\"#ffffff\" data-border-color=\"#1e73be\" data-bg=\"#ffffff\" data-hover-bg=\"#1e73be\" data-border-hover=\"\" data-shadow-hover=\"\" data-shadow-click=\"none\" data-shadow=\"\" data-shd-shadow=\"\"  data-ultimate-target='#ubtn-4030'  data-responsive-json-new='{\"font-size\":\"\",\"line-height\":\"\"}'  style=\"font-weight:normal;border-radius:30px;border-width:1px;border-color:#1e73be;border-style:solid;background: #ffffff;color: #9b9b9b;\"><span class=\"ubtn-hover\" style=\"background-color:#1e73be\"><\/span><span class=\"ubtn-data ubtn-text \" >Achat billet en ligne<\/span><\/button><\/a><\/div>[\/vc_column][vc_column width=\u00a0\u00bb1\/3&Prime;][vc_custom_heading text=\u00a0\u00bbsamedi<br \/>\n29 avril \u00e0 20h30&Prime; font_container=\u00a0\u00bbtag:h2|text_align:center\u00a0\u00bb css=\u00a0\u00bb.vc_custom_1602155042055{background-color: #f7b90e !important;}\u00a0\u00bb]<div class=\"ult-new-ib ult-ib-effect-style1  ult-ib-resp  \" data-min-width=\"768\" data-max-width=\"900\" style=\"background:#dd9933;\" data-opacity=\"1\" data-hover-opacity=\"0.1\" ><img class=\"ult-new-ib-img\" style=\"opacity:1;\" alt=\"null\" src=\"https:\/\/cyrknop.fr\/wp-content\/uploads\/2020\/10\/programme2017_silembloc-2.jpg\"   \/><div id=\"interactive-banner-wrap-4879\" class=\"ult-new-ib-desc\" style=\"\"><h2 class=\"ult-new-ib-title ult-responsive\"  data-ultimate-target='#interactive-banner-wrap-4879 .ult-new-ib-title'  data-responsive-json-new='{\"font-size\":\"\",\"line-height\":\"\"}'  style=\"font-weight:normal;\">Silembloc<\/h2><div class=\"ult-new-ib-content ult-responsive\"  data-ultimate-target='#interactive-banner-wrap-4879 .ult-new-ib-content'  data-responsive-json-new='{\"font-size\":\"\",\"line-height\":\"\"}'  style=\"font-weight:normal;\"><p>Cirque autobloquant : carlingue-126-z<br \/>\nEquilibres et d\u00e9s\u00e9quilibres pour \u00e9mouvoir dans l\u2019absurde et le r\u00e9alisme po\u00e9tique.<\/p><\/div><\/div><\/div><script type=\"text\/javascript\">\r\n\t\t\t(function($){\r\n\t\t\t\t$(document).ready(function(){\r\n\t\t\t\t\t$(\".ult-new-ib\").css(\"opacity\",\"1\");\r\n\t\t\t\t});\r\n\t\t\t})(jQuery);\r\n\t\t\t<\/script><div class=\" ubtn-ctn-left \"><a class=\"ubtn-link ult-adjust-bottom-margin ubtn-left ubtn-normal \" href=\"https:\/\/www.helloasso.com\/associations\/cyrk-nop\/evenements\/pilles-sous-les-etoiles\" ><button type=\"button\" id=\"ubtn-9112\"  class=\"ubtn ult-adjust-bottom-margin ult-responsive ubtn-normal ubtn-no-hover-bg  none  ubtn-left   tooltip-69f2cfbdd5f4e\"  data-hover=\"#ffffff\" data-border-color=\"#1e73be\" data-bg=\"#ffffff\" data-hover-bg=\"#1e73be\" data-border-hover=\"\" data-shadow-hover=\"\" data-shadow-click=\"none\" data-shadow=\"\" data-shd-shadow=\"\"  data-ultimate-target='#ubtn-9112'  data-responsive-json-new='{\"font-size\":\"\",\"line-height\":\"\"}'  style=\"font-weight:normal;border-radius:30px;border-width:1px;border-color:#1e73be;border-style:solid;background: #ffffff;color: #9b9b9b;\"><span class=\"ubtn-hover\" style=\"background-color:#1e73be\"><\/span><span class=\"ubtn-data ubtn-text \" >Achat billet en ligne<\/span><\/button><\/a><\/div>[\/vc_column][vc_column width=\u00a0\u00bb1\/3&Prime;][vc_custom_heading text=\u00a0\u00bbdimanche<br \/>\n30 avril \u00e0 17h00&Prime; font_container=\u00a0\u00bbtag:h2|text_align:center\u00a0\u00bb css=\u00a0\u00bb.vc_custom_1602155062686{background-color: #f7b90e !important;}\u00a0\u00bb]<div class=\"ult-new-ib ult-ib-effect-style1  ult-ib-resp  \" data-min-width=\"768\" data-max-width=\"900\" style=\"background:#dd9933;\" data-opacity=\"1\" data-hover-opacity=\"0.1\" ><img class=\"ult-new-ib-img\" style=\"opacity:1;\" alt=\"null\" src=\"https:\/\/cyrknop.fr\/wp-content\/uploads\/2020\/10\/programme2017_silembloc-2.jpg\"   \/><div id=\"interactive-banner-wrap-6741\" class=\"ult-new-ib-desc\" style=\"\"><h2 class=\"ult-new-ib-title ult-responsive\"  data-ultimate-target='#interactive-banner-wrap-6741 .ult-new-ib-title'  data-responsive-json-new='{\"font-size\":\"\",\"line-height\":\"\"}'  style=\"font-weight:normal;\">Silembloc<\/h2><div class=\"ult-new-ib-content ult-responsive\"  data-ultimate-target='#interactive-banner-wrap-6741 .ult-new-ib-content'  data-responsive-json-new='{\"font-size\":\"\",\"line-height\":\"\"}'  style=\"font-weight:normal;\"><p>Cirque autobloquant : carlingue-126-z<br \/>\nEquilibres et d\u00e9s\u00e9quilibres pour \u00e9mouvoir dans l\u2019absurde et le r\u00e9alisme po\u00e9tique.<\/p><\/div><\/div><\/div><script type=\"text\/javascript\">\r\n\t\t\t(function($){\r\n\t\t\t\t$(document).ready(function(){\r\n\t\t\t\t\t$(\".ult-new-ib\").css(\"opacity\",\"1\");\r\n\t\t\t\t});\r\n\t\t\t})(jQuery);\r\n\t\t\t<\/script><div class=\" ubtn-ctn-left \"><a class=\"ubtn-link ult-adjust-bottom-margin ubtn-left ubtn-normal \" href=\"https:\/\/www.helloasso.com\/associations\/cyrk-nop\/evenements\/pilles-sous-les-etoiles\" ><button type=\"button\" id=\"ubtn-9891\"  class=\"ubtn ult-adjust-bottom-margin ult-responsive ubtn-normal ubtn-no-hover-bg  none  ubtn-left   tooltip-69f2cfbdd603c\"  data-hover=\"#ffffff\" data-border-color=\"#1e73be\" data-bg=\"#ffffff\" data-hover-bg=\"#1e73be\" data-border-hover=\"\" data-shadow-hover=\"\" data-shadow-click=\"none\" data-shadow=\"\" data-shd-shadow=\"\"  data-ultimate-target='#ubtn-9891'  data-responsive-json-new='{\"font-size\":\"\",\"line-height\":\"\"}'  style=\"font-weight:normal;border-radius:30px;border-width:1px;border-color:#1e73be;border-style:solid;background: #ffffff;color: #9b9b9b;\"><span class=\"ubtn-hover\" style=\"background-color:#1e73be\"><\/span><span class=\"ubtn-data ubtn-text \" >Achat billet en ligne<\/span><\/button><\/a><\/div>[\/vc_column][\/vc_row][vc_row][vc_column][vc_custom_heading text=\u00a0\u00bbLe programme du festival 2017&Prime; font_container=\u00a0\u00bbtag:h2|text_align:center\u00a0\u00bb css=\u00a0\u00bb.vc_custom_1602189650591{background-color: #f7b90e !important;}\u00a0\u00bb][vc_single_image image=\u00a0\u00bb384&Prime; alignment=\u00a0\u00bbcenter\u00a0\u00bb]<div id=\"ultib3-370886591969f2cfbdd60aa\" class=\" ultb3-box ult-adjust-bottom-margin  \" style=\"\"><div class=\"ultb3-box-overlay\" style=\"background:#ffffff;\"><\/div><div id=\"Info-banner-wrap7218\" class=\"ultb3-info ib3-info-center\" data-animation=\"\" data-animation-delay=\"03\"><a href=\"https:\/\/cyrknop.fr\/wp-content\/uploads\/2020\/10\/programme_festival_2017_mail-1.jpg\"  class=\"ultb3-btn ult-responsive\"  data-ultimate-target='#Info-banner-wrap7218 .ultb3-btn'  data-responsive-json-new='{\"font-size\":\"\",\"line-height\":\"\"}'  style=\"font-weight:normal;\">T\u00e9l\u00e9chargez- le ici<i class=\"Defaults-angle-right\"><\/i><\/a><\/div><\/div><style>\r\n\t\t\t\t\t#ultib3-370886591969f2cfbdd60aa {\r\n\t\t\t\t\t\tmin-height:50px;\r\n\t\t\t\t\t}\r\n\t\t\t\t\t#ultib3-370886591969f2cfbdd60aa img.ultb3-img {\r\n\t\t\t\t\t\theight: px;\r\n\t\t\t\t\t}\r\n\t\t\t\t\t#ultib3-370886591969f2cfbdd60aa .ultb3-btn {\r\n\t\t\t\t\t\tborder:2px solid #1e73be;border-radius:50px;color:#898989;\r\n\t\t\t\t\t}\r\n\t\t\t\t\t#ultib3-370886591969f2cfbdd60aa .ultb3-btn:hover {\r\n\t\t\t\t\t\tbackground:#1e73be;color:#ffffff;\r\n\t\t\t\t\t}\r\n\t\t\t\t<\/style>[vc_custom_heading text=\u00a0\u00bbd\u00e9tails du programme\u00a0\u00bb font_container=\u00a0\u00bbtag:h2|text_align:center\u00a0\u00bb css=\u00a0\u00bb.vc_custom_1602189662648{background-color: #f7b90e !important;}\u00a0\u00bb][vc_column_text]La 2\u00e8me \u00e9dition du festival \u00ab\u00a0Pilles sous les \u00e9toiles\u00a0\u00bb organis\u00e9 par la Cie Cyrk Nop (Les Pilles) en partenariat avec le comit\u00e9 des f\u00eates et la mairie, vous propose :<br \/>\n<a href=\"#samedi22\">samedi 22<\/a> &#8211; <a href=\"#jeudi27\">jeudi 27<\/a> &#8211; <a href=\"#vendredi28\">vendredi 28<\/a> &#8211; <a href=\"#samedi29\">samedi 29<\/a> &#8211; <a href=\"#dimanche30\">dimanche 30<\/a><\/p>\n<p><strong>TOUS LES JOURS <\/strong> : buvette et restauration sur le site !![\/vc_column_text][\/vc_column][\/vc_row][vc_row][vc_column][vc_custom_heading text=\u00a0\u00bbsamedi<br \/>\n22 avril \u00e0 19h30&Prime; font_container=\u00a0\u00bbtag:h2|text_align:center\u00a0\u00bb css=\u00a0\u00bb.vc_custom_1602189673398{background-color: #f7b90e !important;}\u00a0\u00bb][vc_column_text]<strong>&#8211; samedi 22 avril<\/strong> (soir\u00e9e de soutien, sous le chapiteau mais avant le montage des gradins) : <strong>bal folk<\/strong><\/p>\n<p>soir\u00e9e endiabl\u00e9e avec la <a title=\"Cie Balagan\" href=\"http:\/\/www.compagniebalagan.com\/crbst_10.html\" target=\"_blank\" rel=\"noopener noreferrer\"><strong>Cie Balagan<\/strong> <\/a>! (\u00e0 partir de 19 h 30)<\/p>\n<p class=\"Standard\">Cie Balagan : Bal N\u00e9o Trad. Nouvelles musiques traditionnelles au croisement de l&rsquo;Orient et de l&rsquo;Occident : accord\u00e9on diatonique, contrebasse, violon, percussions, guitare<\/p>\n<p><a href=\"https:\/\/cyrknop.fr\/souslesetoiles\/wp-content\/uploads\/Astrakhan_web.jpg\"><img loading=\"lazy\" class=\"alignnone size-medium wp-image-169\" src=\"https:\/\/cyrknop.fr\/souslesetoiles\/wp-content\/uploads\/Astrakhan_web-300x225.jpg\" alt=\"Astrakhan_web\" width=\"300\" height=\"225\" \/><\/a><\/p>\n<h5>Accord\u00e9on Diatonique :<span style=\"font-size: xx-small;\"> <b>Fran\u00e7ois Heim<\/b><\/span><br \/>\nContrebasse : <b>Alexandre Roure<\/b><br \/>\nViolon, percussions : <b>Laurent Lovie<\/b><br \/>\nGuitare, danse : <b>Guillaume Groulard<\/b><\/h5>\n<p><b><span style=\"font-size: small;\">18h:<\/span><\/b> atelier d&rsquo;initiation aux danses des Balkans avant le bal<br \/>\n<b><span style=\"font-size: small;\">20h30<\/span><\/b>: concert par l&rsquo;atelier musique de l&rsquo;AASHN<br \/>\n<span style=\"font-size: small;\"><b>21h30<\/b><\/span>: Bal Folk toute la soir\u00e9e ![\/vc_column_text][\/vc_column][\/vc_row][vc_row][vc_column][vc_custom_heading text=\u00a0\u00bbjeudi<br \/>\n27 avril \u00e0 20h30&Prime; font_container=\u00a0\u00bbtag:h2|text_align:center\u00a0\u00bb css=\u00a0\u00bb.vc_custom_1602189683853{background-color: #f7b90e !important;}\u00a0\u00bb][vc_column_text]<strong>Cabaret \u00e9ph\u00e9m\u00e8re<\/strong> \u00e0 20 h 30 sous le chapiteau, pr\u00e9c\u00e9d\u00e9 d&rsquo;animations, impromptues et autres surprises \u00e0 partir de 19 h 30<\/p>\n<p>Ce cabaret est fruit de la rencontre spontan\u00e9e d&rsquo;une vingtaine d&rsquo;artistes &#8230;<\/p>\n<p>Pour vous donner une id\u00e9e du programme et vous donnez l&rsquo;eau \u00e0 la bouche \u00e0 la bouche voici la liste des artistes&#8230;<\/p>\n<p>&nbsp;<\/p>\n<h3>Circassiens<\/h3>\n<p>Lucas Bergandi: fildef\u00e9riste<\/p>\n<p>Sophie mandoux: Clown \u2013 corde<\/p>\n<p>Rapha\u00ebl Gacon: porteur<\/p>\n<p>Marc Dehoux: Roue cyr<\/p>\n<p>Bertrant Chauchot: Equilibre &#8211; jonglerie<\/p>\n<p>Luz Andreani: trap\u00e8ze<\/p>\n<p>Yldor Llach: v\u00e9lo a:crobatique<\/p>\n<p>Birta Benonysdotyr: \u00c9quilibre \u2013 danse<\/p>\n<p>&nbsp;<\/p>\n<h3>Plasticiens:<\/h3>\n<p>Marie-laure Marconato: peintre<\/p>\n<p>David Baudenon : \u00e9clairagiste<\/p>\n<p>&nbsp;<\/p>\n<h3>Musiciens:<\/h3>\n<p>Max Couty : percussions<\/p>\n<p>Pierrot Briend : clarinette<\/p>\n<p>Maurice Badez : guitare<\/p>\n<p>Olivier Dagonet: voix, guitare<\/p>\n<p>Jef Picardi: accord\u00e9on<\/p>\n<p>Eric Alspeck: percu corporels<\/p>\n<p>Cyril Pain: percu deejee<\/p>\n<p>Alexia Carr: chant lyrique<\/p>\n<p>&nbsp;<\/p>\n<h3>Techniciens:<\/h3>\n<p>Tarak Ferreri<\/p>\n<p>&nbsp;<\/p>\n<p>&nbsp;<\/p>\n<p>Cr\u00e9ations issues de rencontres spontan\u00e9es entre artistes de diff\u00e9rentes disciplines.[\/vc_column_text][\/vc_column][\/vc_row][vc_row][vc_column][vc_custom_heading text=\u00a0\u00bbvendredi<br \/>\n28 avril \u00e0 20h30&Prime; font_container=\u00a0\u00bbtag:h2|text_align:center\u00a0\u00bb css=\u00a0\u00bb.vc_custom_1602189695103{background-color: #f7b90e !important;}\u00a0\u00bb][vc_column_text]- spectacle restitution des stages des enfants \u00e0 19 h 30, entr\u00e9e libre.<\/p>\n<p>&#8211; \u00e0 20 h 30, sous le chapiteau :<\/p>\n<p class=\"Standard\">1\u00e8re partie : <strong><a title=\"Cie Etincelle\" href=\"http:\/\/elsa.bishop.free.fr\/videoTA.htm\" target=\"_blank\" rel=\"noopener noreferrer\">Cie Etincelle<\/a><\/strong> : Invention et envol.<\/p>\n<p class=\"Standard\">Deux inventeurs et leur v\u00e9locip\u00e8de improbable d\u00e9ploient leurs tentatives de vol : petits succ\u00e8s et grands d\u00e9boires, enthousiasme in\u00e9puisable et id\u00e9es tarabiscot\u00e9es !<\/p>\n<p>2\u00e8me partie : la <strong>Cie Pu\u00e9ril P\u00e9ril<\/strong> et son spectacle <a title=\"Bankal\" href=\"http:\/\/https:\/\/www.puerilperil.com\/bankal\" target=\"_blank\" rel=\"noopener noreferrer\"><strong>Bankal<\/strong><\/a> :<\/p>\n<p class=\"Standard\">Duo sur tabourets et main-\u00e0-main sur monocycle !<\/p>\n<p><a href=\"https:\/\/cyrknop.fr\/souslesetoiles\/wp-content\/uploads\/bankal.jpg\"><img loading=\"lazy\" class=\"alignnone size-medium wp-image-171\" src=\"https:\/\/cyrknop.fr\/souslesetoiles\/wp-content\/uploads\/bankal-200x300.jpg\" alt=\"bankal\" width=\"200\" height=\"300\" \/><\/a><\/p>\n<p>Ils sont deux, ils cherchent \u00e0 tenir en \u00e9quilibre sur cette limite intime et fugace entre le danger et la chute. Ils ont \u00e9labor\u00e9 une technique r\u00e9volutionnaire d\u2019\u00e9chafaudage hyper adaptable avec des tabourets. Ils tentent d\u00e9sesp\u00e9r\u00e9ment d\u2019atteindre des sommets pour que du haut d\u2019eux, on ait le vertige. Du grand art ![\/vc_column_text][\/vc_column][\/vc_row][vc_row][vc_column][vc_custom_heading text=\u00a0\u00bbsamedi<br \/>\n29 avril \u00e0 partir de 14 h\u00a0\u00bb font_container=\u00a0\u00bbtag:h2|text_align:center\u00a0\u00bb css=\u00a0\u00bb.vc_custom_1602189704614{background-color: #f7b90e !important;}\u00a0\u00bb][vc_column_text]apr\u00e8s-midi circassienne \u00e0 partir de 14 h : divers spectacles et animations, notamment avec la Bolha Batucada<\/p>\n<div id=\"attachment_179\" style=\"width: 310px\" class=\"wp-caption alignnone\"><a href=\"https:\/\/cyrknop.fr\/souslesetoiles\/wp-content\/uploads\/batucada_laurette.jpg\" target=\"_blank\" rel=\"noopener noreferrer\"><img aria-describedby=\"caption-attachment-179\" loading=\"lazy\" class=\"wp-image-179 size-medium\" src=\"https:\/\/cyrknop.fr\/souslesetoiles\/wp-content\/uploads\/batucada_laurette-300x269.jpg\" alt=\"batucada_laurette\" width=\"300\" height=\"269\" \/><\/a><p id=\"caption-attachment-179\" class=\"wp-caption-text\">La Bolha Batucada-percussions br\u00e9siliennes<\/p><\/div>\n<p>&nbsp;<\/p>\n<p>et \u00e0 17 h comme clou le spectacle en plein air de la <strong>Cie Les Petits Bras<\/strong> : <strong>L&rsquo;Odeur de la sciure <\/strong>(participation au chapeau)<strong><br \/>\n<\/strong><\/p>\n<div style=\"position: relative; height: 0; padding-bottom: 56.25%;\"><iframe style=\"position: absolute; width: 100%; height: 100%; left: 0;\" src=\"https:\/\/www.youtube.com\/embed\/kSCfm2kk5cY?ecver=2\" width=\"640\" height=\"360\" frameborder=\"0\" allowfullscreen=\"allowfullscreen\"><\/iframe><\/div>\n<p>&nbsp;<\/p>\n<p>Installez-vous autour de la sc\u00e8ne circulaire, face \u00e0 une impressionnante structure Art nouveau et enthousiasmez-vous d&rsquo;un cirque a\u00e9rien, virtuose et d\u00e9sinvolte, o\u00f9 trap\u00e9zistes et \u00e9quilibristes feront chavirer vos c\u0153urs ![\/vc_column_text][\/vc_column][\/vc_row][vc_row][vc_column][vc_custom_heading text=\u00a0\u00bbsamedi<br \/>\n29 avril \u00e0 20h30&Prime; font_container=\u00a0\u00bbtag:h2|text_align:center\u00a0\u00bb css=\u00a0\u00bb.vc_custom_1602189713772{background-color: #f7b90e !important;}\u00a0\u00bb][vc_column_text]<strong><a title=\"Carlingue 126 Z\" href=\"http:\/\/www.silembloc.fr\/index.php\/spectacle\/carlingue-126-z\/la-reclame-du-spectacle\" target=\"_blank\" rel=\"noopener noreferrer\">cirque autobloquant : carlingue-126-z<\/a><\/strong><\/p>\n<p>(1\u00e8re repr\u00e9sentation)<\/p>\n<p>Dans une carcasse m\u00e9tallique, quatre naufrag\u00e9s perdus dans le temps et dans l&rsquo;espace : jongleries, acrobaties, danse, \u00e9quilibres et d\u00e9s\u00e9quilibres, musiques, bruitages pour \u00e9mouvoir dans l&rsquo;absurde et l&rsquo;irrationnel mais aussi dans le r\u00e9alisme po\u00e9tique.<\/p>\n<p><img loading=\"lazy\" class=\"alignnone size-medium wp-image-172\" src=\"https:\/\/cyrknop.fr\/souslesetoiles\/wp-content\/uploads\/Silembloc_aff-156x300.jpg\" alt=\"Silembloc_aff\" width=\"156\" height=\"300\" \/>[\/vc_column_text][\/vc_column][\/vc_row][vc_row][vc_column][vc_custom_heading text=\u00a0\u00bbdimanche<br \/>\n30 avril \u00e0 17h00&Prime; font_container=\u00a0\u00bbtag:h2|text_align:center\u00a0\u00bb css=\u00a0\u00bb.vc_custom_1602189781787{background-color: #f7b90e !important;}\u00a0\u00bb][vc_column_text]<strong><a title=\"Carlingue 126 Z\" href=\"http:\/\/www.silembloc.fr\/index.php\/spectacle\/carlingue-126-z\/la-reclame-du-spectacle\" target=\"_blank\" rel=\"noopener noreferrer\">cirque autobloquant : carlingue-126-z<\/a><\/strong><\/p>\n<p>(1\u00e8re repr\u00e9sentation)<\/p>\n<p>Dans une carcasse m\u00e9tallique, quatre naufrag\u00e9s perdus dans le temps et dans l&rsquo;espace : jongleries, acrobaties, danse, \u00e9quilibres et d\u00e9s\u00e9quilibres, musiques, bruitages pour \u00e9mouvoir dans l&rsquo;absurde et l&rsquo;irrationnel mais aussi dans le r\u00e9alisme po\u00e9tique.<\/p>\n<p><img loading=\"lazy\" class=\"alignnone size-medium wp-image-172\" src=\"https:\/\/cyrknop.fr\/souslesetoiles\/wp-content\/uploads\/Silembloc_aff-156x300.jpg\" alt=\"Silembloc_aff\" width=\"156\" height=\"300\" \/>[\/vc_column_text][\/vc_column][\/vc_row][vc_row][vc_column][vc_custom_heading text=\u00a0\u00bbmardi<br \/>\n2 mai \u00e0 10h00&Prime; font_container=\u00a0\u00bbtag:h2|text_align:center\u00a0\u00bb css=\u00a0\u00bb.vc_custom_1602189790913{background-color: #f7b90e !important;}\u00a0\u00bb][vc_column_text]S\u00e9ances scolaires avec la Cie <strong>Silembloc<\/strong> et son spectacle<\/p>\n<p><strong><a title=\"Carlingue 126 Z\" href=\"http:\/\/www.silembloc.fr\/index.php\/spectacle\/carlingue-126-z\/la-reclame-du-spectacle\" target=\"_blank\" rel=\"noopener noreferrer\">cirque autobloquant : carlingue-126-z<\/a><\/strong>[\/vc_column_text][\/vc_column][\/vc_row][vc_row][vc_column][vc_custom_heading text=\u00a0\u00bbTOUS LES JOURS : buvette et restauration sur le site !!\u00a0\u00bb font_container=\u00a0\u00bbtag:h2|text_align:center\u00a0\u00bb css=\u00a0\u00bb.vc_custom_1602189810340{background-color: #ffffff !important;}\u00a0\u00bb][\/vc_column][\/vc_row]<\/p>\n","protected":false},"excerpt":{"rendered":"<p>[vc_row][vc_column width=\u00a0\u00bb1\/3&Prime;][vc_custom_heading text=\u00a0\u00bbsamedi 22 avril d\u00e8s 18 h\u00a0\u00bb font_container=\u00a0\u00bbtag:h2|text_align:center\u00a0\u00bb css=\u00a0\u00bb.vc_custom_1602154998061{background-color: #f7b90e !important;}\u00a0\u00bb][\/vc_column][vc_column width=\u00a0\u00bb1\/3&Prime;][vc_custom_heading text=\u00a0\u00bbjeudi 27 avril \u00e0 20h30&Prime; font_container=\u00a0\u00bbtag:h2|text_align:center\u00a0\u00bb css=\u00a0\u00bb.vc_custom_1602155018712{background-color: #f7b90e !important;}\u00a0\u00bb][\/vc_column][vc_column width=\u00a0\u00bb1\/3&Prime;][vc_custom_heading text=\u00a0\u00bbvendredi 28 avril \u00e0 20h30&Prime; font_container=\u00a0\u00bbtag:h2|text_align:center\u00a0\u00bb css=\u00a0\u00bb.vc_custom_1602155025702{background-color: #f7b90e !important;}\u00a0\u00bb][\/vc_column][\/vc_row][vc_row][vc_column width=\u00a0\u00bb1\/3&Prime;][vc_custom_heading text=\u00a0\u00bbsamedi 29 avril \u00e0 partir de 14 h\u00a0\u00bb font_container=\u00a0\u00bbtag:h2|text_align:center\u00a0\u00bb css=\u00a0\u00bb.vc_custom_1602155034130{background-color: #f7b90e !important;}\u00a0\u00bb][\/vc_column][vc_column width=\u00a0\u00bb1\/3&Prime;][vc_custom_heading text=\u00a0\u00bbsamedi 29 avril \u00e0 20h30&Prime; font_container=\u00a0\u00bbtag:h2|text_align:center\u00a0\u00bb css=\u00a0\u00bb.vc_custom_1602155042055{background-color: #f7b90e !important;}\u00a0\u00bb][\/vc_column][vc_column [&hellip;]<\/p>\n","protected":false},"author":1,"featured_media":0,"parent":47,"menu_order":0,"comment_status":"closed","ping_status":"closed","template":"","meta":[],"_links":{"self":[{"href":"https:\/\/cyrknop.fr\/index.php\/wp-json\/wp\/v2\/pages\/58"}],"collection":[{"href":"https:\/\/cyrknop.fr\/index.php\/wp-json\/wp\/v2\/pages"}],"about":[{"href":"https:\/\/cyrknop.fr\/index.php\/wp-json\/wp\/v2\/types\/page"}],"author":[{"embeddable":true,"href":"https:\/\/cyrknop.fr\/index.php\/wp-json\/wp\/v2\/users\/1"}],"replies":[{"embeddable":true,"href":"https:\/\/cyrknop.fr\/index.php\/wp-json\/wp\/v2\/comments?post=58"}],"version-history":[{"count":11,"href":"https:\/\/cyrknop.fr\/index.php\/wp-json\/wp\/v2\/pages\/58\/revisions"}],"predecessor-version":[{"id":427,"href":"https:\/\/cyrknop.fr\/index.php\/wp-json\/wp\/v2\/pages\/58\/revisions\/427"}],"up":[{"embeddable":true,"href":"https:\/\/cyrknop.fr\/index.php\/wp-json\/wp\/v2\/pages\/47"}],"wp:attachment":[{"href":"https:\/\/cyrknop.fr\/index.php\/wp-json\/wp\/v2\/media?parent=58"}],"curies":[{"name":"wp","href":"https:\/\/api.w.org\/{rel}","templated":true}]}}